{"id":3227,"date":"2021-10-26T14:44:24","date_gmt":"2021-10-26T12:44:24","guid":{"rendered":"http:\/\/www.renzi.it\/corporate\/perfil-de-la-empresa\/"},"modified":"2021-10-26T14:49:39","modified_gmt":"2021-10-26T12:49:39","slug":"perfil-de-la-empresa","status":"publish","type":"page","link":"https:\/\/www.renzi.it\/es\/corporate\/perfil-de-la-empresa\/","title":{"rendered":"Perfil de la empresa"},"content":{"rendered":"\t\t<div data-elementor-type=\"wp-page\" data-elementor-id=\"3227\" class=\"elementor elementor-3227\">\n\t\t\t\t\t\t<section class=\"elementor-section elementor-top-section elementor-element elementor-element-fcd7c58 elementor-section-full_width elementor-section-stretched elementor-section-height-default elementor-section-height-default\" data-id=\"fcd7c58\" data-element_type=\"section\" data-e-type=\"section\" data-settings=\"{&quot;stretch_section&quot;:&quot;section-stretched&quot;}\">\n\t\t\t\t\t\t<div class=\"elementor-container elementor-column-gap-no\">\n\t\t\t\t\t<div class=\"elementor-column elementor-col-100 elementor-top-column elementor-element elementor-element-49bf97d ov-rel\" data-id=\"49bf97d\" data-element_type=\"column\" data-e-type=\"column\">\n\t\t\t<div class=\"elementor-widget-wrap elementor-element-populated\">\n\t\t\t\t\t\t<div class=\"elementor-element elementor-element-89319a7 overlay elementor-widget elementor-widget-image\" data-id=\"89319a7\" data-element_type=\"widget\" data-e-type=\"widget\" data-widget_type=\"image.default\">\n\t\t\t\t<div class=\"elementor-widget-container\">\n\t\t\t\t\t\t\t\t\t\t\t\t\t\t\t<img fetchpriority=\"high\" decoding=\"async\" width=\"1920\" height=\"500\" src=\"https:\/\/www.renzi.it\/wp-content\/uploads\/2021\/07\/profilo-azienda-banner-1.jpg\" class=\"attachment-full size-full wp-image-711\" alt=\"\" srcset=\"https:\/\/www.renzi.it\/wp-content\/uploads\/2021\/07\/profilo-azienda-banner-1.jpg 1920w, https:\/\/www.renzi.it\/wp-content\/uploads\/2021\/07\/profilo-azienda-banner-1-300x78.jpg 300w, https:\/\/www.renzi.it\/wp-content\/uploads\/2021\/07\/profilo-azienda-banner-1-1024x267.jpg 1024w, https:\/\/www.renzi.it\/wp-content\/uploads\/2021\/07\/profilo-azienda-banner-1-768x200.jpg 768w, https:\/\/www.renzi.it\/wp-content\/uploads\/2021\/07\/profilo-azienda-banner-1-1536x400.jpg 1536w\" sizes=\"(max-width: 1920px) 100vw, 1920px\" \/>\t\t\t\t\t\t\t\t\t\t\t\t\t\t\t<\/div>\n\t\t\t\t<\/div>\n\t\t\t\t\t<\/div>\n\t\t<\/div>\n\t\t\t\t\t<\/div>\n\t\t<\/section>\n\t\t\t\t<section class=\"elementor-section elementor-top-section elementor-element elementor-element-d85e186 elementor-section-boxed elementor-section-height-default elementor-section-height-default\" data-id=\"d85e186\" data-element_type=\"section\" data-e-type=\"section\">\n\t\t\t\t\t\t<div class=\"elementor-container elementor-column-gap-default\">\n\t\t\t\t\t<div class=\"elementor-column elementor-col-100 elementor-top-column elementor-element elementor-element-e3316e5\" data-id=\"e3316e5\" data-element_type=\"column\" data-e-type=\"column\">\n\t\t\t<div class=\"elementor-widget-wrap elementor-element-populated\">\n\t\t\t\t\t\t<div class=\"elementor-element elementor-element-77b3849 elementor-position-inline-start profilo elementor-view-default elementor-mobile-position-block-start elementor-widget elementor-widget-icon-box\" data-id=\"77b3849\" data-element_type=\"widget\" data-e-type=\"widget\" data-widget_type=\"icon-box.default\">\n\t\t\t\t<div class=\"elementor-widget-container\">\n\t\t\t\t\t\t\t<div class=\"elementor-icon-box-wrapper\">\n\n\t\t\t\t\t\t<div class=\"elementor-icon-box-icon\">\n\t\t\t\t<span  class=\"elementor-icon\">\n\t\t\t\t<svg xmlns=\"http:\/\/www.w3.org\/2000\/svg\" xmlns:xlink=\"http:\/\/www.w3.org\/1999\/xlink\" id=\"Livello_1\" x=\"0px\" y=\"0px\" viewBox=\"0 0 100 86\" style=\"enable-background:new 0 0 100 86;\" xml:space=\"preserve\"><style type=\"text\/css\">\t.st0{fill:#DB2E2B;}<\/style><g>\t<path id=\"Tracciato_51\" class=\"st0\" d=\"M45.9,1.2h-7.1l28,28l-28,28h7.1l28-28L45.9,1.2z\"><\/path>\t<path id=\"Tracciato_52\" class=\"st0\" d=\"M71,1.2H64l28,28l-28,28H71l28-28L71,1.2z\"><\/path>\t<path id=\"Tracciato_53\" class=\"st0\" d=\"M86.4,29.1l-28-28h-7.1l28,28l-28,28h7.1L86.4,29.1z\"><\/path>\t<path id=\"Tracciato_54\" class=\"st0\" d=\"M48.6,28.9h-7.1l-28,28l28,28h7.1l-28-28L48.6,28.9z\"><\/path>\t<path id=\"Tracciato_55\" class=\"st0\" d=\"M36,28.9H29l-28,28l28,28H36l-28-28L36,28.9z\"><\/path>\t<path id=\"Tracciato_56\" class=\"st0\" d=\"M61.2,28.9h-7.1l-28,28l28,28h7.1l-28-28L61.2,28.9z\"><\/path><\/g><\/svg>\t\t\t\t<\/span>\n\t\t\t<\/div>\n\t\t\t\n\t\t\t\t\t\t<div class=\"elementor-icon-box-content\">\n\n\t\t\t\t\t\t\t\t\t<h1 class=\"elementor-icon-box-title\">\n\t\t\t\t\t\t<span  >\n\t\t\t\t\t\t\tPerfil de la empresa\t\t\t\t\t\t<\/span>\n\t\t\t\t\t<\/h1>\n\t\t\t\t\n\t\t\t\t\n\t\t\t<\/div>\n\t\t\t\n\t\t<\/div>\n\t\t\t\t\t\t<\/div>\n\t\t\t\t<\/div>\n\t\t\t\t\t<\/div>\n\t\t<\/div>\n\t\t\t\t\t<\/div>\n\t\t<\/section>\n\t\t\t\t<section class=\"elementor-section elementor-top-section elementor-element elementor-element-1c2b6c2 elementor-section-boxed elementor-section-height-default elementor-section-height-default\" data-id=\"1c2b6c2\" data-element_type=\"section\" data-e-type=\"section\">\n\t\t\t\t\t\t<div class=\"elementor-container elementor-column-gap-default\">\n\t\t\t\t\t<div class=\"elementor-column elementor-col-33 elementor-top-column elementor-element elementor-element-4d11017\" data-id=\"4d11017\" data-element_type=\"column\" data-e-type=\"column\">\n\t\t\t<div class=\"elementor-widget-wrap elementor-element-populated\">\n\t\t\t\t\t\t<div class=\"elementor-element elementor-element-24e0278 elementor-widget elementor-widget-text-editor\" data-id=\"24e0278\" data-element_type=\"widget\" data-e-type=\"widget\" data-widget_type=\"text-editor.default\">\n\t\t\t\t<div class=\"elementor-widget-container\">\n\t\t\t\t\t\t\t\t\t<p>Nuestra empresa se constituy\u00f3 en la d\u00e9cada de 1920 en Arzignano, provincia de Vicenza, por iniciativa de los hermanos Renzi.<\/p>\n\t\t\t\t\t\t\t\t<\/div>\n\t\t\t\t<\/div>\n\t\t\t\t\t<\/div>\n\t\t<\/div>\n\t\t\t\t<div class=\"elementor-column elementor-col-66 elementor-top-column elementor-element elementor-element-913adc3\" data-id=\"913adc3\" data-element_type=\"column\" data-e-type=\"column\">\n\t\t\t<div class=\"elementor-widget-wrap elementor-element-populated\">\n\t\t\t\t\t\t<div class=\"elementor-element elementor-element-28e70f3 elementor-widget elementor-widget-text-editor\" data-id=\"28e70f3\" data-element_type=\"widget\" data-e-type=\"widget\" data-widget_type=\"text-editor.default\">\n\t\t\t\t<div class=\"elementor-widget-container\">\n\t\t\t\t\t\t\t\t\t<p>El grupo RENZI est\u00e1 integrado por Autotrasporti F.lli Renzi snc, Veneto Express Srl e R.L. Depositi Srl, Fratelli Renzi Srl y Fratelli Renzi Logistica Srl.<\/p>\n<p>\u00a0<\/p>\n<p>El 77% de la cifra de ventas societaria se consolida con un conjunto de clientes con los que RENZI lleva m\u00e1s de veinte a\u00f1os y a los que suministra servicios en los m\u00e1s variados sectores, transform\u00e1ndose y evolucionando junto a ellos, creando sinergias con las que aspira a mejorar los servicios que el grupo ha construido a lo largo de una historia rica en dinamismo y capacidad de previsi\u00f3n, dejando de ser una simple empresa de transporte para convertirse en una empresa de servicios log\u00edsticos integrados y espec\u00edficos para colmar hasta las m\u00e1s complejas exigencias del cliente.<\/p>\n\t\t\t\t\t\t\t\t<\/div>\n\t\t\t\t<\/div>\n\t\t\t\t\t<\/div>\n\t\t<\/div>\n\t\t\t\t\t<\/div>\n\t\t<\/section>\n\t\t\t\t<section class=\"elementor-section elementor-top-section elementor-element elementor-element-e85df2a elementor-section-content-middle img-box elementor-reverse-mobile elementor-section-boxed elementor-section-height-default elementor-section-height-default\" data-id=\"e85df2a\" data-element_type=\"section\" data-e-type=\"section\">\n\t\t\t\t\t\t<div class=\"elementor-container elementor-column-gap-default\">\n\t\t\t\t\t<div class=\"elementor-column elementor-col-66 elementor-top-column elementor-element elementor-element-35e7804 ov-rel\" data-id=\"35e7804\" data-element_type=\"column\" data-e-type=\"column\">\n\t\t\t<div class=\"elementor-widget-wrap elementor-element-populated\">\n\t\t\t\t\t\t<div class=\"elementor-element elementor-element-501b9da overlay elementor-widget elementor-widget-image\" data-id=\"501b9da\" data-element_type=\"widget\" data-e-type=\"widget\" data-widget_type=\"image.default\">\n\t\t\t\t<div class=\"elementor-widget-container\">\n\t\t\t\t\t\t\t\t\t\t\t\t\t\t\t<img decoding=\"async\" width=\"1000\" height=\"708\" src=\"https:\/\/www.renzi.it\/wp-content\/uploads\/2021\/10\/profilo-azienda-img01-b.jpg\" class=\"attachment-full size-full wp-image-1941\" alt=\"\" srcset=\"https:\/\/www.renzi.it\/wp-content\/uploads\/2021\/10\/profilo-azienda-img01-b.jpg 1000w, https:\/\/www.renzi.it\/wp-content\/uploads\/2021\/10\/profilo-azienda-img01-b-300x212.jpg 300w, https:\/\/www.renzi.it\/wp-content\/uploads\/2021\/10\/profilo-azienda-img01-b-768x544.jpg 768w\" sizes=\"(max-width: 1000px) 100vw, 1000px\" \/>\t\t\t\t\t\t\t\t\t\t\t\t\t\t\t<\/div>\n\t\t\t\t<\/div>\n\t\t\t\t\t<\/div>\n\t\t<\/div>\n\t\t\t\t<div class=\"elementor-column elementor-col-33 elementor-top-column elementor-element elementor-element-ae6be4e red\" data-id=\"ae6be4e\" data-element_type=\"column\" data-e-type=\"column\" data-settings=\"{&quot;background_background&quot;:&quot;classic&quot;}\">\n\t\t\t<div class=\"elementor-widget-wrap elementor-element-populated\">\n\t\t\t\t\t\t<div class=\"elementor-element elementor-element-db96d65 elementor-widget elementor-widget-text-editor\" data-id=\"db96d65\" data-element_type=\"widget\" data-e-type=\"widget\" data-widget_type=\"text-editor.default\">\n\t\t\t\t<div class=\"elementor-widget-container\">\n\t\t\t\t\t\t\t\t\t<p>Nuestra sociedad trabaja desde hace m\u00e1s de 70 a\u00f1os en el sector del transporte y la manutenci\u00f3n de mercanc\u00edas y se propone como empresa de servicios log\u00edsticos especializada en la gesti\u00f3n de productos qu\u00edmicos peligrosos; nuestra experiencia ha sido adquirida a lo largo de los a\u00f1os junto a las principales empresas del sector qu\u00edmico, y siempre ha estado marcada por el respeto de cuatro principios fundamentales: salud, seguridad, calidad y respeto por el medio ambiente.<\/p>\n\t\t\t\t\t\t\t\t<\/div>\n\t\t\t\t<\/div>\n\t\t\t\t\t<\/div>\n\t\t<\/div>\n\t\t\t\t\t<\/div>\n\t\t<\/section>\n\t\t\t\t<section class=\"elementor-section elementor-top-section elementor-element elementor-element-950fe63 elementor-section-content-middle img-box2 elementor-section-boxed elementor-section-height-default elementor-section-height-default\" data-id=\"950fe63\" data-element_type=\"section\" data-e-type=\"section\">\n\t\t\t\t\t\t<div class=\"elementor-container elementor-column-gap-default\">\n\t\t\t\t\t<div class=\"elementor-column elementor-col-33 elementor-top-column elementor-element elementor-element-d3ead27 red3\" data-id=\"d3ead27\" data-element_type=\"column\" data-e-type=\"column\" data-settings=\"{&quot;background_background&quot;:&quot;classic&quot;}\">\n\t\t\t<div class=\"elementor-widget-wrap elementor-element-populated\">\n\t\t\t\t\t\t<div class=\"elementor-element elementor-element-18eb280 elementor-widget elementor-widget-text-editor\" data-id=\"18eb280\" data-element_type=\"widget\" data-e-type=\"widget\" data-widget_type=\"text-editor.default\">\n\t\t\t\t<div class=\"elementor-widget-container\">\n\t\t\t\t\t\t\t\t\t<p>Nuestra sociedad posee las competencias y los recursos t\u00e9cnicos necesarios para garantizar un servicio de log\u00edstica integrado, completo en todos los aspectos, desde el asesoramiento hasta la proyecci\u00f3n y la realizaci\u00f3n final, capaz de valorar las marcas que representa, mejorando la relaci\u00f3n entre clientes y usuarios, optimizando la manutenci\u00f3n de las mercanc\u00edas del productor al consumidor.<\/p>\n\t\t\t\t\t\t\t\t<\/div>\n\t\t\t\t<\/div>\n\t\t\t\t\t<\/div>\n\t\t<\/div>\n\t\t\t\t<div class=\"elementor-column elementor-col-66 elementor-top-column elementor-element elementor-element-23b0036 red2 ov-rel\" data-id=\"23b0036\" data-element_type=\"column\" data-e-type=\"column\">\n\t\t\t<div class=\"elementor-widget-wrap elementor-element-populated\">\n\t\t\t\t\t\t<div class=\"elementor-element elementor-element-c9574ef overlay elementor-widget elementor-widget-image\" data-id=\"c9574ef\" data-element_type=\"widget\" data-e-type=\"widget\" data-widget_type=\"image.default\">\n\t\t\t\t<div class=\"elementor-widget-container\">\n\t\t\t\t\t\t\t\t\t\t\t\t\t\t\t<img decoding=\"async\" width=\"1000\" height=\"708\" src=\"https:\/\/www.renzi.it\/wp-content\/uploads\/2021\/07\/profilo-azienda-img02.jpg\" class=\"attachment-full size-full wp-image-751\" alt=\"\" srcset=\"https:\/\/www.renzi.it\/wp-content\/uploads\/2021\/07\/profilo-azienda-img02.jpg 1000w, https:\/\/www.renzi.it\/wp-content\/uploads\/2021\/07\/profilo-azienda-img02-300x212.jpg 300w, https:\/\/www.renzi.it\/wp-content\/uploads\/2021\/07\/profilo-azienda-img02-768x544.jpg 768w\" sizes=\"(max-width: 1000px) 100vw, 1000px\" \/>\t\t\t\t\t\t\t\t\t\t\t\t\t\t\t<\/div>\n\t\t\t\t<\/div>\n\t\t\t\t\t<\/div>\n\t\t<\/div>\n\t\t\t\t\t<\/div>\n\t\t<\/section>\n\t\t\t\t<section class=\"elementor-section elementor-top-section elementor-element elementor-element-38215ff grid elementor-section-boxed elementor-section-height-default elementor-section-height-default\" data-id=\"38215ff\" data-element_type=\"section\" data-e-type=\"section\">\n\t\t\t\t\t\t<div class=\"elementor-container elementor-column-gap-default\">\n\t\t\t\t\t<div class=\"elementor-column elementor-col-33 elementor-top-column elementor-element elementor-element-140b086 bread-col\" data-id=\"140b086\" data-element_type=\"column\" data-e-type=\"column\" data-settings=\"{&quot;background_background&quot;:&quot;classic&quot;}\">\n\t\t\t<div class=\"elementor-widget-wrap elementor-element-populated\">\n\t\t\t\t\t\t<div class=\"elementor-element elementor-element-3b49fb6 elementor-widget elementor-widget-html\" data-id=\"3b49fb6\" data-element_type=\"widget\" data-e-type=\"widget\" data-widget_type=\"html.default\">\n\t\t\t\t<div class=\"elementor-widget-container\">\n\t\t\t\t\t<div class=\"bread\"><a href=\"\/es\/corporate\/historia\/\" class=\"st\">Historia<\/a>\r\n<a href=\"\/es\/corporate\/historia\/\" class=\"button-info\">\r\n      <i class=\"fas fa-long-arrow-alt-right\"><\/i>\r\n    <\/a>\r\n<\/div>\t\t\t\t<\/div>\n\t\t\t\t<\/div>\n\t\t\t\t\t<\/div>\n\t\t<\/div>\n\t\t\t\t<div class=\"elementor-column elementor-col-33 elementor-top-column elementor-element elementor-element-699021e bread-col\" data-id=\"699021e\" data-element_type=\"column\" data-e-type=\"column\" data-settings=\"{&quot;background_background&quot;:&quot;classic&quot;}\">\n\t\t\t<div class=\"elementor-widget-wrap elementor-element-populated\">\n\t\t\t\t\t\t<div class=\"elementor-element elementor-element-cba4be5 elementor-widget elementor-widget-html\" data-id=\"cba4be5\" data-element_type=\"widget\" data-e-type=\"widget\" data-widget_type=\"html.default\">\n\t\t\t\t<div class=\"elementor-widget-container\">\n\t\t\t\t\t<div class=\"bread\"><a href=\"\/es\/corporate\/mision\/\" class=\"st\">Misi\u00f3n<\/a>\r\n<a href=\"\/es\/corporate\/mision\/\" class=\"button-info\">\r\n      <i class=\"fas fa-long-arrow-alt-right\"><\/i>\r\n    <\/a>\r\n<\/div>\t\t\t\t<\/div>\n\t\t\t\t<\/div>\n\t\t\t\t\t<\/div>\n\t\t<\/div>\n\t\t\t\t<div class=\"elementor-column elementor-col-33 elementor-top-column elementor-element elementor-element-5bc2be6 bread-col\" data-id=\"5bc2be6\" data-element_type=\"column\" data-e-type=\"column\" data-settings=\"{&quot;background_background&quot;:&quot;classic&quot;}\">\n\t\t\t<div class=\"elementor-widget-wrap elementor-element-populated\">\n\t\t\t\t\t\t<div class=\"elementor-element elementor-element-bf3f8dd elementor-widget elementor-widget-html\" data-id=\"bf3f8dd\" data-element_type=\"widget\" data-e-type=\"widget\" data-widget_type=\"html.default\">\n\t\t\t\t<div class=\"elementor-widget-container\">\n\t\t\t\t\t<div class=\"bread\"><a href=\"\/es\/corporate\/sedes-y-ubicaciones\/\" class=\"st\">Sedes y ubicaciones<\/a>\r\n<a href=\"\/es\/corporate\/sedes-y-ubicaciones\/\" class=\"button-info\">\r\n      <i class=\"fas fa-long-arrow-alt-right\"><\/i>\r\n    <\/a>\r\n<\/div>\t\t\t\t<\/div>\n\t\t\t\t<\/div>\n\t\t\t\t\t<\/div>\n\t\t<\/div>\n\t\t\t\t\t<\/div>\n\t\t<\/section>\n\t\t\t\t<\/div>\n\t\t","protected":false},"excerpt":{"rendered":"<p>Perfil de la empresa Nuestra empresa se constituy\u00f3 en la d\u00e9cada de 1920 en Arzignano, provincia de Vicenza, por iniciativa de los hermanos Renzi. El grupo RENZI est\u00e1 integrado por Autotrasporti F.lli Renzi snc, Veneto Express Srl e R.L. Depositi Srl, Fratelli Renzi Srl y Fratelli Renzi Logistica Srl. \u00a0 El 77% de la cifra [&hellip;]<\/p>\n","protected":false},"author":3,"featured_media":0,"parent":3219,"menu_order":0,"comment_status":"closed","ping_status":"closed","template":"elementor_header_footer","meta":{"inline_featured_image":false,"site-sidebar-layout":"no-sidebar","site-content-layout":"page-builder","ast-site-content-layout":"default","site-content-style":"default","site-sidebar-style":"default","ast-global-header-display":"","ast-banner-title-visibility":"","ast-main-header-display":"","ast-hfb-above-header-display":"","ast-hfb-below-header-display":"","ast-hfb-mobile-header-display":"","site-post-title":"disabled","ast-breadcrumbs-content":"","ast-featured-img":"disabled","footer-sml-layout":"","ast-disable-related-posts":"","theme-transparent-header-meta":"default","adv-header-id-meta":"","stick-header-meta":"","header-above-stick-meta":"","header-main-stick-meta":"","header-below-stick-meta":"","astra-migrate-meta-layouts":"default","ast-page-background-enabled":"default","ast-page-background-meta":{"desktop":{"background-color":"var(--ast-global-color-4)","background-image":"","background-repeat":"repeat","background-position":"center center","background-size":"auto","background-attachment":"scroll","background-type":"","background-media":"","overlay-type":"","overlay-color":"","overlay-opacity":"","overlay-gradient":""},"tablet":{"background-color":"","background-image":"","background-repeat":"repeat","background-position":"center center","background-size":"auto","background-attachment":"scroll","background-type":"","background-media":"","overlay-type":"","overlay-color":"","overlay-opacity":"","overlay-gradient":""},"mobile":{"background-color":"","background-image":"","background-repeat":"repeat","background-position":"center center","background-size":"auto","background-attachment":"scroll","background-type":"","background-media":"","overlay-type":"","overlay-color":"","overlay-opacity":"","overlay-gradient":""}},"ast-content-background-meta":{"desktop":{"background-color":"var(--ast-global-color-5)","background-image":"","background-repeat":"repeat","background-position":"center center","background-size":"auto","background-attachment":"scroll","background-type":"","background-media":"","overlay-type":"","overlay-color":"","overlay-opacity":"","overlay-gradient":""},"tablet":{"background-color":"var(--ast-global-color-5)","background-image":"","background-repeat":"repeat","background-position":"center center","background-size":"auto","background-attachment":"scroll","background-type":"","background-media":"","overlay-type":"","overlay-color":"","overlay-opacity":"","overlay-gradient":""},"mobile":{"background-color":"var(--ast-global-color-5)","background-image":"","background-repeat":"repeat","background-position":"center center","background-size":"auto","background-attachment":"scroll","background-type":"","background-media":"","overlay-type":"","overlay-color":"","overlay-opacity":"","overlay-gradient":""}},"footnotes":""},"class_list":["post-3227","page","type-page","status-publish","hentry"],"yoast_head":"<!-- This site is optimized with the Yoast SEO plugin v27.5 - https:\/\/yoast.com\/product\/yoast-seo-wordpress\/ -->\n<title>Perfil de la empresa | Renzi Autotrasporti<\/title>\n<meta name=\"robots\" content=\"index, follow, max-snippet:-1, max-image-preview:large, max-video-preview:-1\" \/>\n<link rel=\"canonical\" href=\"https:\/\/www.renzi.it\/es\/corporate\/perfil-de-la-empresa\/\" \/>\n<meta property=\"og:locale\" content=\"es_ES\" \/>\n<meta property=\"og:type\" content=\"article\" \/>\n<meta property=\"og:title\" content=\"Perfil de la empresa | Renzi Autotrasporti\" \/>\n<meta property=\"og:description\" content=\"Perfil de la empresa Nuestra empresa se constituy\u00f3 en la d\u00e9cada de 1920 en Arzignano, provincia de Vicenza, por iniciativa de los hermanos Renzi. El grupo RENZI est\u00e1 integrado por Autotrasporti F.lli Renzi snc, Veneto Express Srl e R.L. Depositi Srl, Fratelli Renzi Srl y Fratelli Renzi Logistica Srl. \u00a0 El 77% de la cifra [&hellip;]\" \/>\n<meta property=\"og:url\" content=\"https:\/\/www.renzi.it\/es\/corporate\/perfil-de-la-empresa\/\" \/>\n<meta property=\"og:site_name\" content=\"Renzi Autotrasporti\" \/>\n<meta property=\"article:modified_time\" content=\"2021-10-26T12:49:39+00:00\" \/>\n<meta property=\"og:image\" content=\"https:\/\/www.renzi.it\/wp-content\/uploads\/2021\/07\/profilo-azienda-banner-1.jpg\" \/>\n<meta name=\"twitter:card\" content=\"summary_large_image\" \/>\n<meta name=\"twitter:label1\" content=\"Tiempo de lectura\" \/>\n\t<meta name=\"twitter:data1\" content=\"2 minutos\" \/>\n<script type=\"application\/ld+json\" class=\"yoast-schema-graph\">{\"@context\":\"https:\\\/\\\/schema.org\",\"@graph\":[{\"@type\":\"WebPage\",\"@id\":\"https:\\\/\\\/www.renzi.it\\\/es\\\/corporate\\\/perfil-de-la-empresa\\\/\",\"url\":\"https:\\\/\\\/www.renzi.it\\\/es\\\/corporate\\\/perfil-de-la-empresa\\\/\",\"name\":\"Perfil de la empresa | Renzi Autotrasporti\",\"isPartOf\":{\"@id\":\"https:\\\/\\\/www.renzi.it\\\/fr\\\/#website\"},\"primaryImageOfPage\":{\"@id\":\"https:\\\/\\\/www.renzi.it\\\/es\\\/corporate\\\/perfil-de-la-empresa\\\/#primaryimage\"},\"image\":{\"@id\":\"https:\\\/\\\/www.renzi.it\\\/es\\\/corporate\\\/perfil-de-la-empresa\\\/#primaryimage\"},\"thumbnailUrl\":\"https:\\\/\\\/www.renzi.it\\\/wp-content\\\/uploads\\\/2021\\\/07\\\/profilo-azienda-banner-1.jpg\",\"datePublished\":\"2021-10-26T12:44:24+00:00\",\"dateModified\":\"2021-10-26T12:49:39+00:00\",\"breadcrumb\":{\"@id\":\"https:\\\/\\\/www.renzi.it\\\/es\\\/corporate\\\/perfil-de-la-empresa\\\/#breadcrumb\"},\"inLanguage\":\"es\",\"potentialAction\":[{\"@type\":\"ReadAction\",\"target\":[\"https:\\\/\\\/www.renzi.it\\\/es\\\/corporate\\\/perfil-de-la-empresa\\\/\"]}]},{\"@type\":\"ImageObject\",\"inLanguage\":\"es\",\"@id\":\"https:\\\/\\\/www.renzi.it\\\/es\\\/corporate\\\/perfil-de-la-empresa\\\/#primaryimage\",\"url\":\"https:\\\/\\\/www.renzi.it\\\/wp-content\\\/uploads\\\/2021\\\/07\\\/profilo-azienda-banner-1.jpg\",\"contentUrl\":\"https:\\\/\\\/www.renzi.it\\\/wp-content\\\/uploads\\\/2021\\\/07\\\/profilo-azienda-banner-1.jpg\"},{\"@type\":\"BreadcrumbList\",\"@id\":\"https:\\\/\\\/www.renzi.it\\\/es\\\/corporate\\\/perfil-de-la-empresa\\\/#breadcrumb\",\"itemListElement\":[{\"@type\":\"ListItem\",\"position\":1,\"name\":\"Home\",\"item\":\"https:\\\/\\\/www.renzi.it\\\/es\\\/\"},{\"@type\":\"ListItem\",\"position\":2,\"name\":\"Corporate\",\"item\":\"https:\\\/\\\/www.renzi.it\\\/es\\\/corporate\\\/\"},{\"@type\":\"ListItem\",\"position\":3,\"name\":\"Perfil de la empresa\"}]},{\"@type\":\"WebSite\",\"@id\":\"https:\\\/\\\/www.renzi.it\\\/fr\\\/#website\",\"url\":\"https:\\\/\\\/www.renzi.it\\\/fr\\\/\",\"name\":\"Renzi Autotrasporti\",\"description\":\"Trasporto e Logistica a Vicenza\",\"publisher\":{\"@id\":\"https:\\\/\\\/www.renzi.it\\\/fr\\\/#organization\"},\"potentialAction\":[{\"@type\":\"SearchAction\",\"target\":{\"@type\":\"EntryPoint\",\"urlTemplate\":\"https:\\\/\\\/www.renzi.it\\\/fr\\\/?s={search_term_string}\"},\"query-input\":{\"@type\":\"PropertyValueSpecification\",\"valueRequired\":true,\"valueName\":\"search_term_string\"}}],\"inLanguage\":\"es\"},{\"@type\":\"Organization\",\"@id\":\"https:\\\/\\\/www.renzi.it\\\/fr\\\/#organization\",\"name\":\"Renzi Autotrasporti\",\"url\":\"https:\\\/\\\/www.renzi.it\\\/fr\\\/\",\"logo\":{\"@type\":\"ImageObject\",\"inLanguage\":\"es\",\"@id\":\"https:\\\/\\\/www.renzi.it\\\/fr\\\/#\\\/schema\\\/logo\\\/image\\\/\",\"url\":\"https:\\\/\\\/www.renzi.it\\\/wp-content\\\/uploads\\\/2021\\\/07\\\/logo.svg\",\"contentUrl\":\"https:\\\/\\\/www.renzi.it\\\/wp-content\\\/uploads\\\/2021\\\/07\\\/logo.svg\",\"width\":425,\"height\":130,\"caption\":\"Renzi Autotrasporti\"},\"image\":{\"@id\":\"https:\\\/\\\/www.renzi.it\\\/fr\\\/#\\\/schema\\\/logo\\\/image\\\/\"}}]}<\/script>\n<!-- \/ Yoast SEO plugin. -->","yoast_head_json":{"title":"Perfil de la empresa | Renzi Autotrasporti","robots":{"index":"index","follow":"follow","max-snippet":"max-snippet:-1","max-image-preview":"max-image-preview:large","max-video-preview":"max-video-preview:-1"},"canonical":"https:\/\/www.renzi.it\/es\/corporate\/perfil-de-la-empresa\/","og_locale":"es_ES","og_type":"article","og_title":"Perfil de la empresa | Renzi Autotrasporti","og_description":"Perfil de la empresa Nuestra empresa se constituy\u00f3 en la d\u00e9cada de 1920 en Arzignano, provincia de Vicenza, por iniciativa de los hermanos Renzi. El grupo RENZI est\u00e1 integrado por Autotrasporti F.lli Renzi snc, Veneto Express Srl e R.L. Depositi Srl, Fratelli Renzi Srl y Fratelli Renzi Logistica Srl. \u00a0 El 77% de la cifra [&hellip;]","og_url":"https:\/\/www.renzi.it\/es\/corporate\/perfil-de-la-empresa\/","og_site_name":"Renzi Autotrasporti","article_modified_time":"2021-10-26T12:49:39+00:00","og_image":[{"url":"https:\/\/www.renzi.it\/wp-content\/uploads\/2021\/07\/profilo-azienda-banner-1.jpg","type":"","width":"","height":""}],"twitter_card":"summary_large_image","twitter_misc":{"Tiempo de lectura":"2 minutos"},"schema":{"@context":"https:\/\/schema.org","@graph":[{"@type":"WebPage","@id":"https:\/\/www.renzi.it\/es\/corporate\/perfil-de-la-empresa\/","url":"https:\/\/www.renzi.it\/es\/corporate\/perfil-de-la-empresa\/","name":"Perfil de la empresa | Renzi Autotrasporti","isPartOf":{"@id":"https:\/\/www.renzi.it\/fr\/#website"},"primaryImageOfPage":{"@id":"https:\/\/www.renzi.it\/es\/corporate\/perfil-de-la-empresa\/#primaryimage"},"image":{"@id":"https:\/\/www.renzi.it\/es\/corporate\/perfil-de-la-empresa\/#primaryimage"},"thumbnailUrl":"https:\/\/www.renzi.it\/wp-content\/uploads\/2021\/07\/profilo-azienda-banner-1.jpg","datePublished":"2021-10-26T12:44:24+00:00","dateModified":"2021-10-26T12:49:39+00:00","breadcrumb":{"@id":"https:\/\/www.renzi.it\/es\/corporate\/perfil-de-la-empresa\/#breadcrumb"},"inLanguage":"es","potentialAction":[{"@type":"ReadAction","target":["https:\/\/www.renzi.it\/es\/corporate\/perfil-de-la-empresa\/"]}]},{"@type":"ImageObject","inLanguage":"es","@id":"https:\/\/www.renzi.it\/es\/corporate\/perfil-de-la-empresa\/#primaryimage","url":"https:\/\/www.renzi.it\/wp-content\/uploads\/2021\/07\/profilo-azienda-banner-1.jpg","contentUrl":"https:\/\/www.renzi.it\/wp-content\/uploads\/2021\/07\/profilo-azienda-banner-1.jpg"},{"@type":"BreadcrumbList","@id":"https:\/\/www.renzi.it\/es\/corporate\/perfil-de-la-empresa\/#breadcrumb","itemListElement":[{"@type":"ListItem","position":1,"name":"Home","item":"https:\/\/www.renzi.it\/es\/"},{"@type":"ListItem","position":2,"name":"Corporate","item":"https:\/\/www.renzi.it\/es\/corporate\/"},{"@type":"ListItem","position":3,"name":"Perfil de la empresa"}]},{"@type":"WebSite","@id":"https:\/\/www.renzi.it\/fr\/#website","url":"https:\/\/www.renzi.it\/fr\/","name":"Renzi Autotrasporti","description":"Trasporto e Logistica a Vicenza","publisher":{"@id":"https:\/\/www.renzi.it\/fr\/#organization"},"potentialAction":[{"@type":"SearchAction","target":{"@type":"EntryPoint","urlTemplate":"https:\/\/www.renzi.it\/fr\/?s={search_term_string}"},"query-input":{"@type":"PropertyValueSpecification","valueRequired":true,"valueName":"search_term_string"}}],"inLanguage":"es"},{"@type":"Organization","@id":"https:\/\/www.renzi.it\/fr\/#organization","name":"Renzi Autotrasporti","url":"https:\/\/www.renzi.it\/fr\/","logo":{"@type":"ImageObject","inLanguage":"es","@id":"https:\/\/www.renzi.it\/fr\/#\/schema\/logo\/image\/","url":"https:\/\/www.renzi.it\/wp-content\/uploads\/2021\/07\/logo.svg","contentUrl":"https:\/\/www.renzi.it\/wp-content\/uploads\/2021\/07\/logo.svg","width":425,"height":130,"caption":"Renzi Autotrasporti"},"image":{"@id":"https:\/\/www.renzi.it\/fr\/#\/schema\/logo\/image\/"}}]}},"_links":{"self":[{"href":"https:\/\/www.renzi.it\/es\/wp-json\/wp\/v2\/pages\/3227","targetHints":{"allow":["GET"]}}],"collection":[{"href":"https:\/\/www.renzi.it\/es\/wp-json\/wp\/v2\/pages"}],"about":[{"href":"https:\/\/www.renzi.it\/es\/wp-json\/wp\/v2\/types\/page"}],"author":[{"embeddable":true,"href":"https:\/\/www.renzi.it\/es\/wp-json\/wp\/v2\/users\/3"}],"replies":[{"embeddable":true,"href":"https:\/\/www.renzi.it\/es\/wp-json\/wp\/v2\/comments?post=3227"}],"version-history":[{"count":3,"href":"https:\/\/www.renzi.it\/es\/wp-json\/wp\/v2\/pages\/3227\/revisions"}],"predecessor-version":[{"id":3232,"href":"https:\/\/www.renzi.it\/es\/wp-json\/wp\/v2\/pages\/3227\/revisions\/3232"}],"up":[{"embeddable":true,"href":"https:\/\/www.renzi.it\/es\/wp-json\/wp\/v2\/pages\/3219"}],"wp:attachment":[{"href":"https:\/\/www.renzi.it\/es\/wp-json\/wp\/v2\/media?parent=3227"}],"curies":[{"name":"wp","href":"https:\/\/api.w.org\/{rel}","templated":true}]}}