{"id":3028,"date":"2021-10-25T12:05:18","date_gmt":"2021-10-25T10:05:18","guid":{"rendered":"http:\/\/www.renzi.it\/parcours-professionnel\/"},"modified":"2021-10-25T12:05:18","modified_gmt":"2021-10-25T10:05:18","slug":"parcours-professionnel","status":"publish","type":"page","link":"https:\/\/www.renzi.it\/fr\/societe\/parcours-professionnel\/","title":{"rendered":"Parcours professionnel"},"content":{"rendered":"\t\t<div data-elementor-type=\"wp-page\" data-elementor-id=\"3028\" class=\"elementor elementor-3028\">\n\t\t\t\t\t\t<section class=\"elementor-section elementor-top-section elementor-element elementor-element-6f9558d elementor-section-full_width elementor-section-stretched elementor-section-height-default elementor-section-height-default\" data-id=\"6f9558d\" data-element_type=\"section\" data-e-type=\"section\" data-settings=\"{&quot;stretch_section&quot;:&quot;section-stretched&quot;}\">\n\t\t\t\t\t\t<div class=\"elementor-container elementor-column-gap-no\">\n\t\t\t\t\t<div class=\"elementor-column elementor-col-100 elementor-top-column elementor-element elementor-element-d961dde ov-rel\" data-id=\"d961dde\" data-element_type=\"column\" data-e-type=\"column\">\n\t\t\t<div class=\"elementor-widget-wrap elementor-element-populated\">\n\t\t\t\t\t\t<div class=\"elementor-element elementor-element-1b11a15 overlay elementor-widget elementor-widget-image\" data-id=\"1b11a15\" data-element_type=\"widget\" data-e-type=\"widget\" data-widget_type=\"image.default\">\n\t\t\t\t<div class=\"elementor-widget-container\">\n\t\t\t\t\t\t\t\t\t\t\t\t\t\t\t<img fetchpriority=\"high\" decoding=\"async\" width=\"1920\" height=\"500\" src=\"https:\/\/www.renzi.it\/wp-content\/uploads\/2021\/07\/storia-banner.jpg\" class=\"attachment-full size-full wp-image-818\" alt=\"\" srcset=\"https:\/\/www.renzi.it\/wp-content\/uploads\/2021\/07\/storia-banner.jpg 1920w, https:\/\/www.renzi.it\/wp-content\/uploads\/2021\/07\/storia-banner-300x78.jpg 300w, https:\/\/www.renzi.it\/wp-content\/uploads\/2021\/07\/storia-banner-1024x267.jpg 1024w, https:\/\/www.renzi.it\/wp-content\/uploads\/2021\/07\/storia-banner-768x200.jpg 768w, https:\/\/www.renzi.it\/wp-content\/uploads\/2021\/07\/storia-banner-1536x400.jpg 1536w\" sizes=\"(max-width: 1920px) 100vw, 1920px\" \/>\t\t\t\t\t\t\t\t\t\t\t\t\t\t\t<\/div>\n\t\t\t\t<\/div>\n\t\t\t\t\t<\/div>\n\t\t<\/div>\n\t\t\t\t\t<\/div>\n\t\t<\/section>\n\t\t\t\t<section class=\"elementor-section elementor-top-section elementor-element elementor-element-62edd57 elementor-section-boxed elementor-section-height-default elementor-section-height-default\" data-id=\"62edd57\" data-element_type=\"section\" data-e-type=\"section\">\n\t\t\t\t\t\t<div class=\"elementor-container elementor-column-gap-default\">\n\t\t\t\t\t<div class=\"elementor-column elementor-col-100 elementor-top-column elementor-element elementor-element-3d99d9b\" data-id=\"3d99d9b\" data-element_type=\"column\" data-e-type=\"column\">\n\t\t\t<div class=\"elementor-widget-wrap elementor-element-populated\">\n\t\t\t\t\t\t<div class=\"elementor-element elementor-element-692dfa6 elementor-position-inline-start profilo elementor-view-default elementor-mobile-position-block-start elementor-widget elementor-widget-icon-box\" data-id=\"692dfa6\" data-element_type=\"widget\" data-e-type=\"widget\" data-widget_type=\"icon-box.default\">\n\t\t\t\t<div class=\"elementor-widget-container\">\n\t\t\t\t\t\t\t<div class=\"elementor-icon-box-wrapper\">\n\n\t\t\t\t\t\t<div class=\"elementor-icon-box-icon\">\n\t\t\t\t<span  class=\"elementor-icon\">\n\t\t\t\t<svg xmlns=\"http:\/\/www.w3.org\/2000\/svg\" xmlns:xlink=\"http:\/\/www.w3.org\/1999\/xlink\" id=\"Livello_1\" x=\"0px\" y=\"0px\" viewBox=\"0 0 100 86\" style=\"enable-background:new 0 0 100 86;\" xml:space=\"preserve\"><style type=\"text\/css\">\t.st0{fill:#DB2E2B;}<\/style><g>\t<path id=\"Tracciato_51\" class=\"st0\" d=\"M45.9,1.2h-7.1l28,28l-28,28h7.1l28-28L45.9,1.2z\"><\/path>\t<path id=\"Tracciato_52\" class=\"st0\" d=\"M71,1.2H64l28,28l-28,28H71l28-28L71,1.2z\"><\/path>\t<path id=\"Tracciato_53\" class=\"st0\" d=\"M86.4,29.1l-28-28h-7.1l28,28l-28,28h7.1L86.4,29.1z\"><\/path>\t<path id=\"Tracciato_54\" class=\"st0\" d=\"M48.6,28.9h-7.1l-28,28l28,28h7.1l-28-28L48.6,28.9z\"><\/path>\t<path id=\"Tracciato_55\" class=\"st0\" d=\"M36,28.9H29l-28,28l28,28H36l-28-28L36,28.9z\"><\/path>\t<path id=\"Tracciato_56\" class=\"st0\" d=\"M61.2,28.9h-7.1l-28,28l28,28h7.1l-28-28L61.2,28.9z\"><\/path><\/g><\/svg>\t\t\t\t<\/span>\n\t\t\t<\/div>\n\t\t\t\n\t\t\t\t\t\t<div class=\"elementor-icon-box-content\">\n\n\t\t\t\t\t\t\t\t\t<h1 class=\"elementor-icon-box-title\">\n\t\t\t\t\t\t<span  >\n\t\t\t\t\t\t\tParcours professionnel\t\t\t\t\t\t<\/span>\n\t\t\t\t\t<\/h1>\n\t\t\t\t\n\t\t\t\t\n\t\t\t<\/div>\n\t\t\t\n\t\t<\/div>\n\t\t\t\t\t\t<\/div>\n\t\t\t\t<\/div>\n\t\t\t\t\t<\/div>\n\t\t<\/div>\n\t\t\t\t\t<\/div>\n\t\t<\/section>\n\t\t\t\t<section class=\"elementor-section elementor-top-section elementor-element elementor-element-32b55ac elementor-section-boxed elementor-section-height-default elementor-section-height-default\" data-id=\"32b55ac\" data-element_type=\"section\" data-e-type=\"section\">\n\t\t\t\t\t\t<div class=\"elementor-container elementor-column-gap-default\">\n\t\t\t\t\t<div class=\"elementor-column elementor-col-33 elementor-top-column elementor-element elementor-element-6400ecd\" data-id=\"6400ecd\" data-element_type=\"column\" data-e-type=\"column\">\n\t\t\t<div class=\"elementor-widget-wrap elementor-element-populated\">\n\t\t\t\t\t\t<div class=\"elementor-element elementor-element-bbd72dd elementor-widget elementor-widget-text-editor\" data-id=\"bbd72dd\" data-element_type=\"widget\" data-e-type=\"widget\" data-widget_type=\"text-editor.default\">\n\t\t\t\t<div class=\"elementor-widget-container\">\n\t\t\t\t\t\t\t\t\t<p>Notre entreprise est n\u00e9e dans les ann\u00e9es 20 du si\u00e8cle dernier \u00e0 Arzignano, dans la province de Vicence (Italie), sur l&rsquo;initiative entrepreneuriale des fr\u00e8res Renzi.<\/p>\n\t\t\t\t\t\t\t\t<\/div>\n\t\t\t\t<\/div>\n\t\t\t\t\t<\/div>\n\t\t<\/div>\n\t\t\t\t<div class=\"elementor-column elementor-col-66 elementor-top-column elementor-element elementor-element-b9989cc\" data-id=\"b9989cc\" data-element_type=\"column\" data-e-type=\"column\">\n\t\t\t<div class=\"elementor-widget-wrap elementor-element-populated\">\n\t\t\t\t\t\t<div class=\"elementor-element elementor-element-7a0b26f elementor-widget elementor-widget-text-editor\" data-id=\"7a0b26f\" data-element_type=\"widget\" data-e-type=\"widget\" data-widget_type=\"text-editor.default\">\n\t\t\t\t<div class=\"elementor-widget-container\">\n\t\t\t\t\t\t\t\t\t<p>Dans la province de Vicence, il y a eu des activit\u00e9s \u00e0 grand succ\u00e8s et il y en a beaucoup actuellement, mais ce sont le p\u00f4le tannerie d&rsquo;Arzignano, l&rsquo;industrie textile de la province de Vicence et la forte demande de produits agrochimiques, qui ont trac\u00e9 d\u00e8s le d\u00e9but la voie sp\u00e9cifique de notre entreprise, c&rsquo;est-\u00e0-dire le transport et le stockage de marchandises chimiques dangereuses.<\/p>\n<p>\u00a0<\/p>\n<p>Le groupe RENZI comprend les entreprises Autotrasporti F.lli Renzi S.n.c., Veneto Express S.r.l., R.L. Depositi S.r.l., Fratelli Renzi S.r.l., Fratelli Renzi Logistica S.r.l.<\/p>\n\t\t\t\t\t\t\t\t<\/div>\n\t\t\t\t<\/div>\n\t\t\t\t\t<\/div>\n\t\t<\/div>\n\t\t\t\t\t<\/div>\n\t\t<\/section>\n\t\t\t\t<section class=\"elementor-section elementor-top-section elementor-element elementor-element-bf03d72 elementor-section-content-middle img-box elementor-reverse-mobile elementor-section-boxed elementor-section-height-default elementor-section-height-default\" data-id=\"bf03d72\" data-element_type=\"section\" data-e-type=\"section\">\n\t\t\t\t\t\t<div class=\"elementor-container elementor-column-gap-default\">\n\t\t\t\t\t<div class=\"elementor-column elementor-col-66 elementor-top-column elementor-element elementor-element-4a7443f ov-rel\" data-id=\"4a7443f\" data-element_type=\"column\" data-e-type=\"column\" data-settings=\"{&quot;background_background&quot;:&quot;classic&quot;}\">\n\t\t\t<div class=\"elementor-widget-wrap elementor-element-populated\">\n\t\t\t\t\t\t<div class=\"elementor-element elementor-element-fc8b961 overlay elementor-widget elementor-widget-image\" data-id=\"fc8b961\" data-element_type=\"widget\" data-e-type=\"widget\" data-widget_type=\"image.default\">\n\t\t\t\t<div class=\"elementor-widget-container\">\n\t\t\t\t\t\t\t\t\t\t\t\t\t\t\t<img decoding=\"async\" width=\"1000\" height=\"708\" src=\"https:\/\/www.renzi.it\/wp-content\/uploads\/2021\/07\/storia-img01.jpg\" class=\"attachment-full size-full wp-image-826\" alt=\"\" srcset=\"https:\/\/www.renzi.it\/wp-content\/uploads\/2021\/07\/storia-img01.jpg 1000w, https:\/\/www.renzi.it\/wp-content\/uploads\/2021\/07\/storia-img01-300x212.jpg 300w, https:\/\/www.renzi.it\/wp-content\/uploads\/2021\/07\/storia-img01-768x544.jpg 768w\" sizes=\"(max-width: 1000px) 100vw, 1000px\" \/>\t\t\t\t\t\t\t\t\t\t\t\t\t\t\t<\/div>\n\t\t\t\t<\/div>\n\t\t\t\t\t<\/div>\n\t\t<\/div>\n\t\t\t\t<div class=\"elementor-column elementor-col-33 elementor-top-column elementor-element elementor-element-ed4ce2b red\" data-id=\"ed4ce2b\" data-element_type=\"column\" data-e-type=\"column\" data-settings=\"{&quot;background_background&quot;:&quot;classic&quot;}\">\n\t\t\t<div class=\"elementor-widget-wrap elementor-element-populated\">\n\t\t\t\t\t\t<div class=\"elementor-element elementor-element-b4b72b4 elementor-widget elementor-widget-text-editor\" data-id=\"b4b72b4\" data-element_type=\"widget\" data-e-type=\"widget\" data-widget_type=\"text-editor.default\">\n\t\t\t\t<div class=\"elementor-widget-container\">\n\t\t\t\t\t\t\t\t\t<p>Notre chiffre d&rsquo;affaires est consolid\u00e9 par un groupe de clients que nous servons depuis plus de vingt ans, et auxquels le groupe RENZI fournit des services dans les secteurs les plus divers.<br \/>\nNous nous sommes transform\u00e9s et nous avons \u00e9volu\u00e9 avec notre client\u00e8le, tout en cr\u00e9ant des synergies visant \u00e0 am\u00e9liorer les services que notre groupe a construits au cours de son histoire, riche en dynamisme et en pr\u00e9visions \u00e0 long terme.<\/p>\n\t\t\t\t\t\t\t\t<\/div>\n\t\t\t\t<\/div>\n\t\t\t\t\t<\/div>\n\t\t<\/div>\n\t\t\t\t\t<\/div>\n\t\t<\/section>\n\t\t\t\t<section class=\"elementor-section elementor-top-section elementor-element elementor-element-290b8f7 grid elementor-section-boxed elementor-section-height-default elementor-section-height-default\" data-id=\"290b8f7\" data-element_type=\"section\" data-e-type=\"section\">\n\t\t\t\t\t\t<div class=\"elementor-container elementor-column-gap-default\">\n\t\t\t\t\t<div class=\"elementor-column elementor-col-33 elementor-top-column elementor-element elementor-element-ff27088 bread-col\" data-id=\"ff27088\" data-element_type=\"column\" data-e-type=\"column\" data-settings=\"{&quot;background_background&quot;:&quot;classic&quot;}\">\n\t\t\t<div class=\"elementor-widget-wrap elementor-element-populated\">\n\t\t\t\t\t\t<div class=\"elementor-element elementor-element-86be40a elementor-widget elementor-widget-html\" data-id=\"86be40a\" data-element_type=\"widget\" data-e-type=\"widget\" data-widget_type=\"html.default\">\n\t\t\t\t<div class=\"elementor-widget-container\">\n\t\t\t\t\t<div class=\"bread\"><a href=\"\/fr\/societe\/profil-de-entreprise\/\" class=\"st\">Profil de entreprise<\/a>\r\n<a href=\"\/fr\/societe\/profil-de-entreprise\/\" class=\"button-info\">\r\n      <i class=\"fas fa-long-arrow-alt-right\"><\/i>\r\n    <\/a>\r\n<\/div>\t\t\t\t<\/div>\n\t\t\t\t<\/div>\n\t\t\t\t\t<\/div>\n\t\t<\/div>\n\t\t\t\t<div class=\"elementor-column elementor-col-33 elementor-top-column elementor-element elementor-element-b6f7939 bread-col\" data-id=\"b6f7939\" data-element_type=\"column\" data-e-type=\"column\" data-settings=\"{&quot;background_background&quot;:&quot;classic&quot;}\">\n\t\t\t<div class=\"elementor-widget-wrap elementor-element-populated\">\n\t\t\t\t\t\t<div class=\"elementor-element elementor-element-d03cffc elementor-widget elementor-widget-html\" data-id=\"d03cffc\" data-element_type=\"widget\" data-e-type=\"widget\" data-widget_type=\"html.default\">\n\t\t\t\t<div class=\"elementor-widget-container\">\n\t\t\t\t\t<div class=\"bread\"><a href=\"\/fr\/societe\/mission\/\" class=\"st\">Mission<\/a>\r\n<a href=\"\/fr\/societe\/mission\/\" class=\"button-info\">\r\n      <i class=\"fas fa-long-arrow-alt-right\"><\/i>\r\n    <\/a>\r\n<\/div>\t\t\t\t<\/div>\n\t\t\t\t<\/div>\n\t\t\t\t\t<\/div>\n\t\t<\/div>\n\t\t\t\t<div class=\"elementor-column elementor-col-33 elementor-top-column elementor-element elementor-element-3fca90b bread-col\" data-id=\"3fca90b\" data-element_type=\"column\" data-e-type=\"column\" data-settings=\"{&quot;background_background&quot;:&quot;classic&quot;}\">\n\t\t\t<div class=\"elementor-widget-wrap elementor-element-populated\">\n\t\t\t\t\t\t<div class=\"elementor-element elementor-element-c0d0905 elementor-widget elementor-widget-html\" data-id=\"c0d0905\" data-element_type=\"widget\" data-e-type=\"widget\" data-widget_type=\"html.default\">\n\t\t\t\t<div class=\"elementor-widget-container\">\n\t\t\t\t\t<div class=\"bread\"><a href=\"\/fr\/societe\/sieges-et-sites\/\" class=\"st\">Si\u00e8ges et sites<\/a>\r\n<a href=\"\/fr\/societe\/sieges-et-sites\/\" class=\"button-info\">\r\n      <i class=\"fas fa-long-arrow-alt-right\"><\/i>\r\n    <\/a>\r\n<\/div>\t\t\t\t<\/div>\n\t\t\t\t<\/div>\n\t\t\t\t\t<\/div>\n\t\t<\/div>\n\t\t\t\t\t<\/div>\n\t\t<\/section>\n\t\t\t\t<\/div>\n\t\t","protected":false},"excerpt":{"rendered":"<p>Parcours professionnel Notre entreprise est n\u00e9e dans les ann\u00e9es 20 du si\u00e8cle dernier \u00e0 Arzignano, dans la province de Vicence (Italie), sur l&rsquo;initiative entrepreneuriale des fr\u00e8res Renzi. Dans la province de Vicence, il y a eu des activit\u00e9s \u00e0 grand succ\u00e8s et il y en a beaucoup actuellement, mais ce sont le p\u00f4le tannerie d&rsquo;Arzignano, [&hellip;]<\/p>\n","protected":false},"author":3,"featured_media":0,"parent":3085,"menu_order":0,"comment_status":"closed","ping_status":"closed","template":"elementor_header_footer","meta":{"inline_featured_image":false,"site-sidebar-layout":"no-sidebar","site-content-layout":"page-builder","ast-site-content-layout":"default","site-content-style":"default","site-sidebar-style":"default","ast-global-header-display":"","ast-banner-title-visibility":"","ast-main-header-display":"","ast-hfb-above-header-display":"","ast-hfb-below-header-display":"","ast-hfb-mobile-header-display":"","site-post-title":"disabled","ast-breadcrumbs-content":"","ast-featured-img":"disabled","footer-sml-layout":"","ast-disable-related-posts":"","theme-transparent-header-meta":"default","adv-header-id-meta":"","stick-header-meta":"","header-above-stick-meta":"","header-main-stick-meta":"","header-below-stick-meta":"","astra-migrate-meta-layouts":"default","ast-page-background-enabled":"default","ast-page-background-meta":{"desktop":{"background-color":"var(--ast-global-color-4)","background-image":"","background-repeat":"repeat","background-position":"center center","background-size":"auto","background-attachment":"scroll","background-type":"","background-media":"","overlay-type":"","overlay-color":"","overlay-opacity":"","overlay-gradient":""},"tablet":{"background-color":"","background-image":"","background-repeat":"repeat","background-position":"center center","background-size":"auto","background-attachment":"scroll","background-type":"","background-media":"","overlay-type":"","overlay-color":"","overlay-opacity":"","overlay-gradient":""},"mobile":{"background-color":"","background-image":"","background-repeat":"repeat","background-position":"center center","background-size":"auto","background-attachment":"scroll","background-type":"","background-media":"","overlay-type":"","overlay-color":"","overlay-opacity":"","overlay-gradient":""}},"ast-content-background-meta":{"desktop":{"background-color":"var(--ast-global-color-5)","background-image":"","background-repeat":"repeat","background-position":"center center","background-size":"auto","background-attachment":"scroll","background-type":"","background-media":"","overlay-type":"","overlay-color":"","overlay-opacity":"","overlay-gradient":""},"tablet":{"background-color":"var(--ast-global-color-5)","background-image":"","background-repeat":"repeat","background-position":"center center","background-size":"auto","background-attachment":"scroll","background-type":"","background-media":"","overlay-type":"","overlay-color":"","overlay-opacity":"","overlay-gradient":""},"mobile":{"background-color":"var(--ast-global-color-5)","background-image":"","background-repeat":"repeat","background-position":"center center","background-size":"auto","background-attachment":"scroll","background-type":"","background-media":"","overlay-type":"","overlay-color":"","overlay-opacity":"","overlay-gradient":""}},"footnotes":""},"class_list":["post-3028","page","type-page","status-publish","hentry"],"yoast_head":"<!-- This site is optimized with the Yoast SEO plugin v27.5 - https:\/\/yoast.com\/product\/yoast-seo-wordpress\/ -->\n<title>Parcours professionnel | Renzi Autotrasporti<\/title>\n<meta name=\"robots\" content=\"index, follow, max-snippet:-1, max-image-preview:large, max-video-preview:-1\" \/>\n<link rel=\"canonical\" href=\"https:\/\/www.renzi.it\/fr\/societe\/parcours-professionnel\/\" \/>\n<meta property=\"og:locale\" content=\"fr_FR\" \/>\n<meta property=\"og:type\" content=\"article\" \/>\n<meta property=\"og:title\" content=\"Parcours professionnel | Renzi Autotrasporti\" \/>\n<meta property=\"og:description\" content=\"Parcours professionnel Notre entreprise est n\u00e9e dans les ann\u00e9es 20 du si\u00e8cle dernier \u00e0 Arzignano, dans la province de Vicence (Italie), sur l&rsquo;initiative entrepreneuriale des fr\u00e8res Renzi. Dans la province de Vicence, il y a eu des activit\u00e9s \u00e0 grand succ\u00e8s et il y en a beaucoup actuellement, mais ce sont le p\u00f4le tannerie d&rsquo;Arzignano, [&hellip;]\" \/>\n<meta property=\"og:url\" content=\"https:\/\/www.renzi.it\/fr\/societe\/parcours-professionnel\/\" \/>\n<meta property=\"og:site_name\" content=\"Renzi Autotrasporti\" \/>\n<meta property=\"og:image\" content=\"https:\/\/www.renzi.it\/wp-content\/uploads\/2021\/07\/storia-banner.jpg\" \/>\n<meta name=\"twitter:card\" content=\"summary_large_image\" \/>\n<meta name=\"twitter:label1\" content=\"Dur\u00e9e de lecture estim\u00e9e\" \/>\n\t<meta name=\"twitter:data1\" content=\"1 minute\" \/>\n<script type=\"application\/ld+json\" class=\"yoast-schema-graph\">{\"@context\":\"https:\\\/\\\/schema.org\",\"@graph\":[{\"@type\":\"WebPage\",\"@id\":\"https:\\\/\\\/www.renzi.it\\\/fr\\\/societe\\\/parcours-professionnel\\\/\",\"url\":\"https:\\\/\\\/www.renzi.it\\\/fr\\\/societe\\\/parcours-professionnel\\\/\",\"name\":\"Parcours professionnel | Renzi Autotrasporti\",\"isPartOf\":{\"@id\":\"https:\\\/\\\/www.renzi.it\\\/fr\\\/#website\"},\"primaryImageOfPage\":{\"@id\":\"https:\\\/\\\/www.renzi.it\\\/fr\\\/societe\\\/parcours-professionnel\\\/#primaryimage\"},\"image\":{\"@id\":\"https:\\\/\\\/www.renzi.it\\\/fr\\\/societe\\\/parcours-professionnel\\\/#primaryimage\"},\"thumbnailUrl\":\"https:\\\/\\\/www.renzi.it\\\/wp-content\\\/uploads\\\/2021\\\/07\\\/storia-banner.jpg\",\"datePublished\":\"2021-10-25T10:05:18+00:00\",\"breadcrumb\":{\"@id\":\"https:\\\/\\\/www.renzi.it\\\/fr\\\/societe\\\/parcours-professionnel\\\/#breadcrumb\"},\"inLanguage\":\"fr-FR\",\"potentialAction\":[{\"@type\":\"ReadAction\",\"target\":[\"https:\\\/\\\/www.renzi.it\\\/fr\\\/societe\\\/parcours-professionnel\\\/\"]}]},{\"@type\":\"ImageObject\",\"inLanguage\":\"fr-FR\",\"@id\":\"https:\\\/\\\/www.renzi.it\\\/fr\\\/societe\\\/parcours-professionnel\\\/#primaryimage\",\"url\":\"https:\\\/\\\/www.renzi.it\\\/wp-content\\\/uploads\\\/2021\\\/07\\\/storia-banner.jpg\",\"contentUrl\":\"https:\\\/\\\/www.renzi.it\\\/wp-content\\\/uploads\\\/2021\\\/07\\\/storia-banner.jpg\"},{\"@type\":\"BreadcrumbList\",\"@id\":\"https:\\\/\\\/www.renzi.it\\\/fr\\\/societe\\\/parcours-professionnel\\\/#breadcrumb\",\"itemListElement\":[{\"@type\":\"ListItem\",\"position\":1,\"name\":\"Home\",\"item\":\"https:\\\/\\\/www.renzi.it\\\/fr\\\/\"},{\"@type\":\"ListItem\",\"position\":2,\"name\":\"Soci\u00e9t\u00e9\",\"item\":\"https:\\\/\\\/www.renzi.it\\\/fr\\\/societe\\\/\"},{\"@type\":\"ListItem\",\"position\":3,\"name\":\"Parcours professionnel\"}]},{\"@type\":\"WebSite\",\"@id\":\"https:\\\/\\\/www.renzi.it\\\/fr\\\/#website\",\"url\":\"https:\\\/\\\/www.renzi.it\\\/fr\\\/\",\"name\":\"Renzi Autotrasporti\",\"description\":\"Trasporto e Logistica a Vicenza\",\"publisher\":{\"@id\":\"https:\\\/\\\/www.renzi.it\\\/fr\\\/#organization\"},\"potentialAction\":[{\"@type\":\"SearchAction\",\"target\":{\"@type\":\"EntryPoint\",\"urlTemplate\":\"https:\\\/\\\/www.renzi.it\\\/fr\\\/?s={search_term_string}\"},\"query-input\":{\"@type\":\"PropertyValueSpecification\",\"valueRequired\":true,\"valueName\":\"search_term_string\"}}],\"inLanguage\":\"fr-FR\"},{\"@type\":\"Organization\",\"@id\":\"https:\\\/\\\/www.renzi.it\\\/fr\\\/#organization\",\"name\":\"Renzi Autotrasporti\",\"url\":\"https:\\\/\\\/www.renzi.it\\\/fr\\\/\",\"logo\":{\"@type\":\"ImageObject\",\"inLanguage\":\"fr-FR\",\"@id\":\"https:\\\/\\\/www.renzi.it\\\/fr\\\/#\\\/schema\\\/logo\\\/image\\\/\",\"url\":\"https:\\\/\\\/www.renzi.it\\\/wp-content\\\/uploads\\\/2021\\\/07\\\/logo.svg\",\"contentUrl\":\"https:\\\/\\\/www.renzi.it\\\/wp-content\\\/uploads\\\/2021\\\/07\\\/logo.svg\",\"width\":425,\"height\":130,\"caption\":\"Renzi Autotrasporti\"},\"image\":{\"@id\":\"https:\\\/\\\/www.renzi.it\\\/fr\\\/#\\\/schema\\\/logo\\\/image\\\/\"}}]}<\/script>\n<!-- \/ Yoast SEO plugin. -->","yoast_head_json":{"title":"Parcours professionnel | Renzi Autotrasporti","robots":{"index":"index","follow":"follow","max-snippet":"max-snippet:-1","max-image-preview":"max-image-preview:large","max-video-preview":"max-video-preview:-1"},"canonical":"https:\/\/www.renzi.it\/fr\/societe\/parcours-professionnel\/","og_locale":"fr_FR","og_type":"article","og_title":"Parcours professionnel | Renzi Autotrasporti","og_description":"Parcours professionnel Notre entreprise est n\u00e9e dans les ann\u00e9es 20 du si\u00e8cle dernier \u00e0 Arzignano, dans la province de Vicence (Italie), sur l&rsquo;initiative entrepreneuriale des fr\u00e8res Renzi. Dans la province de Vicence, il y a eu des activit\u00e9s \u00e0 grand succ\u00e8s et il y en a beaucoup actuellement, mais ce sont le p\u00f4le tannerie d&rsquo;Arzignano, [&hellip;]","og_url":"https:\/\/www.renzi.it\/fr\/societe\/parcours-professionnel\/","og_site_name":"Renzi Autotrasporti","og_image":[{"url":"https:\/\/www.renzi.it\/wp-content\/uploads\/2021\/07\/storia-banner.jpg","type":"","width":"","height":""}],"twitter_card":"summary_large_image","twitter_misc":{"Dur\u00e9e de lecture estim\u00e9e":"1 minute"},"schema":{"@context":"https:\/\/schema.org","@graph":[{"@type":"WebPage","@id":"https:\/\/www.renzi.it\/fr\/societe\/parcours-professionnel\/","url":"https:\/\/www.renzi.it\/fr\/societe\/parcours-professionnel\/","name":"Parcours professionnel | Renzi Autotrasporti","isPartOf":{"@id":"https:\/\/www.renzi.it\/fr\/#website"},"primaryImageOfPage":{"@id":"https:\/\/www.renzi.it\/fr\/societe\/parcours-professionnel\/#primaryimage"},"image":{"@id":"https:\/\/www.renzi.it\/fr\/societe\/parcours-professionnel\/#primaryimage"},"thumbnailUrl":"https:\/\/www.renzi.it\/wp-content\/uploads\/2021\/07\/storia-banner.jpg","datePublished":"2021-10-25T10:05:18+00:00","breadcrumb":{"@id":"https:\/\/www.renzi.it\/fr\/societe\/parcours-professionnel\/#breadcrumb"},"inLanguage":"fr-FR","potentialAction":[{"@type":"ReadAction","target":["https:\/\/www.renzi.it\/fr\/societe\/parcours-professionnel\/"]}]},{"@type":"ImageObject","inLanguage":"fr-FR","@id":"https:\/\/www.renzi.it\/fr\/societe\/parcours-professionnel\/#primaryimage","url":"https:\/\/www.renzi.it\/wp-content\/uploads\/2021\/07\/storia-banner.jpg","contentUrl":"https:\/\/www.renzi.it\/wp-content\/uploads\/2021\/07\/storia-banner.jpg"},{"@type":"BreadcrumbList","@id":"https:\/\/www.renzi.it\/fr\/societe\/parcours-professionnel\/#breadcrumb","itemListElement":[{"@type":"ListItem","position":1,"name":"Home","item":"https:\/\/www.renzi.it\/fr\/"},{"@type":"ListItem","position":2,"name":"Soci\u00e9t\u00e9","item":"https:\/\/www.renzi.it\/fr\/societe\/"},{"@type":"ListItem","position":3,"name":"Parcours professionnel"}]},{"@type":"WebSite","@id":"https:\/\/www.renzi.it\/fr\/#website","url":"https:\/\/www.renzi.it\/fr\/","name":"Renzi Autotrasporti","description":"Trasporto e Logistica a Vicenza","publisher":{"@id":"https:\/\/www.renzi.it\/fr\/#organization"},"potentialAction":[{"@type":"SearchAction","target":{"@type":"EntryPoint","urlTemplate":"https:\/\/www.renzi.it\/fr\/?s={search_term_string}"},"query-input":{"@type":"PropertyValueSpecification","valueRequired":true,"valueName":"search_term_string"}}],"inLanguage":"fr-FR"},{"@type":"Organization","@id":"https:\/\/www.renzi.it\/fr\/#organization","name":"Renzi Autotrasporti","url":"https:\/\/www.renzi.it\/fr\/","logo":{"@type":"ImageObject","inLanguage":"fr-FR","@id":"https:\/\/www.renzi.it\/fr\/#\/schema\/logo\/image\/","url":"https:\/\/www.renzi.it\/wp-content\/uploads\/2021\/07\/logo.svg","contentUrl":"https:\/\/www.renzi.it\/wp-content\/uploads\/2021\/07\/logo.svg","width":425,"height":130,"caption":"Renzi Autotrasporti"},"image":{"@id":"https:\/\/www.renzi.it\/fr\/#\/schema\/logo\/image\/"}}]}},"_links":{"self":[{"href":"https:\/\/www.renzi.it\/fr\/wp-json\/wp\/v2\/pages\/3028","targetHints":{"allow":["GET"]}}],"collection":[{"href":"https:\/\/www.renzi.it\/fr\/wp-json\/wp\/v2\/pages"}],"about":[{"href":"https:\/\/www.renzi.it\/fr\/wp-json\/wp\/v2\/types\/page"}],"author":[{"embeddable":true,"href":"https:\/\/www.renzi.it\/fr\/wp-json\/wp\/v2\/users\/3"}],"replies":[{"embeddable":true,"href":"https:\/\/www.renzi.it\/fr\/wp-json\/wp\/v2\/comments?post=3028"}],"version-history":[{"count":1,"href":"https:\/\/www.renzi.it\/fr\/wp-json\/wp\/v2\/pages\/3028\/revisions"}],"predecessor-version":[{"id":3029,"href":"https:\/\/www.renzi.it\/fr\/wp-json\/wp\/v2\/pages\/3028\/revisions\/3029"}],"up":[{"embeddable":true,"href":"https:\/\/www.renzi.it\/fr\/wp-json\/wp\/v2\/pages\/3085"}],"wp:attachment":[{"href":"https:\/\/www.renzi.it\/fr\/wp-json\/wp\/v2\/media?parent=3028"}],"curies":[{"name":"wp","href":"https:\/\/api.w.org\/{rel}","templated":true}]}}